{"id":456,"date":"2025-09-02T11:37:43","date_gmt":"2025-09-02T09:37:43","guid":{"rendered":"https:\/\/noemiecharretier.com\/?page_id=456"},"modified":"2025-09-02T11:37:43","modified_gmt":"2025-09-02T09:37:43","slug":"conferences-inspirantes-au-service-des-enfants-des-parents-et-des-professionnels","status":"publish","type":"page","link":"https:\/\/noemiecharretier.com\/index.php\/conferences-inspirantes-au-service-des-enfants-des-parents-et-des-professionnels\/","title":{"rendered":"Conf\u00e9rences inspirantes au service des enfants, des parents et des professionnels"},"content":{"rendered":"\n<h2 class=\"wp-block-heading\">Atelier au service des enfants, des parents et des professionnels<\/h2>\n\n\n\n<p><strong>Parentalit\u00e9, \u00e9motions, scolarit\u00e9, neuroatypies\u2026<\/strong><br>Autant de sujets essentiels et parfois d\u00e9licats, que je transmets avec clart\u00e9, bienveillance et conviction lors de mes conf\u00e9rences.<\/p>\n\n\n\n<p>Depuis plusieurs ann\u00e9es, j\u2019interviens aupr\u00e8s de parents, d\u2019enseignants, de professionnels de l\u2019enfance et de l\u2019\u00e9ducation, pour <strong>ouvrir des perspectives nouvelles<\/strong>, <strong>d\u00e9dramatiser<\/strong>, et surtout <strong>donner des cl\u00e9s concr\u00e8tes pour mieux comprendre et accompagner<\/strong> les enfants d\u2019aujourd\u2019hui.<\/p>\n\n\n\n<hr class=\"wp-block-separator has-alpha-channel-opacity\"\/>\n\n\n\n<h3 class=\"wp-block-heading\">\ud83c\udfa4 Mes th\u00e9matiques phares :<\/h3>\n\n\n\n<p>\ud83d\udd39 <strong>Parentalit\u00e9 bienveillante &amp; r\u00e9aliste<\/strong><br>Sortir de la culpabilit\u00e9, poser un cadre s\u00e9curisant, cultiver le lien et l\u2019\u00e9coute, tout en se respectant soi-m\u00eame.<\/p>\n\n\n\n<p>\ud83d\udd39 <strong>Psychop\u00e9dagogie &amp; plaisir d\u2019apprendre<\/strong><br>Comment fonctionne un cerveau d\u2019enfant ? Comment l\u2019aider \u00e0 apprendre sans pression, avec confiance et motivation ?<\/p>\n\n\n\n<p>\ud83d\udd39 <strong>R\u00e9gulation \u00e9motionnelle<\/strong><br>Comprendre les temp\u00eates \u00e9motionnelles des enfants (et des adultes !), apprendre \u00e0 les accompagner sans les r\u00e9primer, ni s\u2019y noyer.<\/p>\n\n\n\n<p>\ud83d\udd39 <strong>Rapport \u00e0 l\u2019\u00e9cole &amp; scolarit\u00e9<\/strong><br>Redonner du sens \u00e0 l\u2019\u00e9cole, comprendre les blocages, dialoguer avec les enseignants, soutenir un enfant en difficult\u00e9 sans dramatiser.<\/p>\n\n\n\n<p>\ud83d\udd39 <strong>Neuroatypies &amp; diff\u00e9rences invisibles<\/strong><br>TDAH, haut potentiel, troubles DYS\u2026 Mieux comprendre ces profils pour mieux les accueillir, que l\u2019on soit parent ou professionnel.<\/p>\n\n\n\n<hr class=\"wp-block-separator has-alpha-channel-opacity\"\/>\n\n\n\n<h3 class=\"wp-block-heading\">\ud83c\udf31 Des conf\u00e9rences pour\u2026<\/h3>\n\n\n\n<p>\u2714 <strong>\u00c9veiller les consciences<\/strong><br>\u2714 <strong>Changer de regard<\/strong><br>\u2714 <strong>Apporter des outils concrets<\/strong><br>\u2714 <strong>Cr\u00e9er du lien entre familles et professionnels<\/strong><\/p>\n\n\n\n<hr class=\"wp-block-separator has-alpha-channel-opacity\"\/>\n\n\n\n<h3 class=\"wp-block-heading\">\ud83d\udccdInterventions possibles :<\/h3>\n\n\n\n<ul class=\"wp-block-list\">\n<li>\u00c9v\u00e9nements parentalit\u00e9 \/ bien-\u00eatre\/ caf\u00e9 des parents<\/li>\n\n\n\n<li>\u00c9coles, coll\u00e8ges, lyc\u00e9es ateliers pour les enseignants<\/li>\n\n\n\n<li>Associations, collectivit\u00e9s, entreprises<\/li>\n<\/ul>\n\n\n\n<p>\ud83d\udce9 <strong>Envie d\u2019organiser un atelier ou d\u2019en savoir plus ?<\/strong><br>Contacte-moi ici : <a href=\"mailto:noemie.avec@gmail.com\">noemie.avec@gmail.com<\/a><\/p>\n\n\n\n<hr class=\"wp-block-separator has-alpha-channel-opacity\"\/>\n\n\n\n<p><\/p>\n","protected":false},"excerpt":{"rendered":"<p>Atelier au service des enfants, des parents et des professionnels Parentalit\u00e9, \u00e9motions, scolarit\u00e9, neuroatypies\u2026Autant de sujets essentiels et parfois d\u00e9licats, que je transmets avec clart\u00e9, bienveillance et conviction lors de mes conf\u00e9rences. Depuis plusieurs ann\u00e9es, j\u2019interviens aupr\u00e8s de parents, d\u2019enseignants, de professionnels de l\u2019enfance et de l\u2019\u00e9ducation, pour ouvrir des perspectives nouvelles, d\u00e9dramatiser, et surtout [&hellip;]<\/p>\n","protected":false},"author":1,"featured_media":0,"parent":0,"menu_order":0,"comment_status":"closed","ping_status":"closed","template":"","meta":{"footnotes":""},"class_list":["post-456","page","type-page","status-publish","hentry"],"_links":{"self":[{"href":"https:\/\/noemiecharretier.com\/index.php\/wp-json\/wp\/v2\/pages\/456","targetHints":{"allow":["GET"]}}],"collection":[{"href":"https:\/\/noemiecharretier.com\/index.php\/wp-json\/wp\/v2\/pages"}],"about":[{"href":"https:\/\/noemiecharretier.com\/index.php\/wp-json\/wp\/v2\/types\/page"}],"author":[{"embeddable":true,"href":"https:\/\/noemiecharretier.com\/index.php\/wp-json\/wp\/v2\/users\/1"}],"replies":[{"embeddable":true,"href":"https:\/\/noemiecharretier.com\/index.php\/wp-json\/wp\/v2\/comments?post=456"}],"version-history":[{"count":6,"href":"https:\/\/noemiecharretier.com\/index.php\/wp-json\/wp\/v2\/pages\/456\/revisions"}],"predecessor-version":[{"id":486,"href":"https:\/\/noemiecharretier.com\/index.php\/wp-json\/wp\/v2\/pages\/456\/revisions\/486"}],"wp:attachment":[{"href":"https:\/\/noemiecharretier.com\/index.php\/wp-json\/wp\/v2\/media?parent=456"}],"curies":[{"name":"wp","href":"https:\/\/api.w.org\/{rel}","templated":true}]}}